{"id":660,"date":"2024-07-25T11:12:40","date_gmt":"2024-07-25T09:12:40","guid":{"rendered":"https:\/\/www.blancapera.com\/the-studio\/"},"modified":"2024-09-05T11:20:25","modified_gmt":"2024-09-05T09:20:25","slug":"el-estudio","status":"publish","type":"page","link":"https:\/\/www.blancapera.com\/es\/el-estudio\/","title":{"rendered":"El estudio"},"content":{"rendered":"<section class=\"l-section wpb_row us_custom_94788538 height_medium color_primary\"><div class=\"l-section-overlay\" style=\"background:rgba(0,0,0,0.20)\"><\/div><div class=\"l-section-h i-cf\"><div class=\"g-cols vc_row via_flex valign_top type_default stacking_default\"><div class=\"vc_col-sm-12 wpb_column vc_column_container\"><div class=\"vc_column-inner\"><div class=\"wpb_wrapper\"><\/div><\/div><\/div><\/div><\/div><\/section><section class=\"l-section wpb_row us_custom_29e795d4 height_medium\"><div class=\"l-section-h i-cf\"><div class=\"g-cols vc_row via_flex valign_middle type_default stacking_default\" style=\"--additional-gap:1rem;\"><div class=\"vc_col-sm-8 wpb_column vc_column_container\"><div class=\"vc_column-inner\"><div class=\"wpb_wrapper\">[vc_custom_heading text=\u00bb<strong>Estudio de dise\u00f1o de interiores<\/strong>\u00bb font_container=\u00bbtag:h1|text_align:left\u00bb use_theme_fonts=\u00bbyes\u00bb css=\u00bb%7B%22default%22%3A%7B%22font-size%22%3A%222rem%22%2C%22margin-bottom%22%3A%222rem%22%7D%2C%22laptops%22%3A%7B%22font-size%22%3A%221.8rem%22%7D%2C%22tablets%22%3A%7B%22font-size%22%3A%221.8rem%22%7D%2C%22mobiles%22%3A%7B%22font-size%22%3A%221.6rem%22%7D%7D\u00bb el_class=\u00bbdeco deco-left\u00bb]<div class=\"wpb_text_column\"><div class=\"wpb_wrapper\"><p>Fundado en 2015, y situado en Marbella, en BLANCA PERA INTERIOR DESIGN STUDIO, creamos dise\u00f1os para clientes exigentes, ayud\u00e1ndoles a ensalzar sus estilos de vida, y potenciar sus negocios.<\/p>\n<p>Creemos que la historia que nos precede y el dise\u00f1o contempor\u00e1neo pueden y deben coexistir, la inspiraci\u00f3n la encontramos en la tensi\u00f3n que se produce entre ambos.<\/p>\n<p>Nuestra ESENCIA es la pasi\u00f3n por la creaci\u00f3n de proyectos contempor\u00e1neos, basados en la excelencia.<\/p>\n<p>BLANCA PERA INTERIOR DESIGN STUDIO combina conocimientos para garantizar la singularidad de los proyectos de nuestros clientes distingui\u00e9ndolos del resto.<\/p>\n<\/div><\/div><\/div><\/div><\/div><div class=\"vc_col-sm-4 wpb_column vc_column_container has_bg_color stretched\"><div class=\"vc_column-inner us_custom_1a99d662\"><div class=\"wpb_wrapper\"><\/div><\/div><\/div><\/div><\/div><\/section><section class=\"l-section wpb_row us_custom_29e795d4 height_medium\"><div class=\"l-section-h i-cf\"><div class=\"g-cols vc_row via_flex valign_middle type_default reversed stacking_default\" style=\"--additional-gap:1rem;\"><div class=\"vc_col-sm-7 wpb_column vc_column_container has_bg_color stretched\"><div class=\"vc_column-inner us_custom_aa17e0b7\"><div class=\"wpb_wrapper\"><\/div><\/div><\/div><div class=\"vc_col-sm-5 wpb_column vc_column_container\"><div class=\"vc_column-inner us_custom_62e46706\"><div class=\"wpb_wrapper\">[vc_custom_heading text=\u00bbFilosof\u00eda\u00bb use_theme_fonts=\u00bbyes\u00bb css=\u00bb%7B%22default%22%3A%7B%22color%22%3A%22_content_text%22%2C%22font-size%22%3A%221.45rem%22%7D%7D\u00bb]<div class=\"wpb_text_column\"><div class=\"wpb_wrapper\"><p>El respeto por la naturaleza, el instinto para combinar la tecnolog\u00eda con la artesan\u00eda, componen partes claves de nuestra filosof\u00eda de dise\u00f1o.<\/p>\n<p>Disfruta de nuestros proyectos inspirados en el estilo de vida mediterr\u00e1neo y en una visi\u00f3n contempor\u00e1nea del lujo.<\/p>\n<\/div><\/div><\/div><\/div><\/div><\/div><\/div><\/section><section class=\"l-section wpb_row all-height height_medium\"><div class=\"l-section-h i-cf\"><div class=\"g-cols vc_row via_flex valign_top type_default stacking_default\"><div class=\"vc_col-sm-6 wpb_column vc_column_container\"><div class=\"vc_column-inner us_custom_0445c2dc\"><div class=\"wpb_wrapper\"><div class=\"g-cols wpb_row via_flex valign_middle type_default stacking_default\"><div class=\"vc_col-sm-5 wpb_column vc_column_container has_bg_color\"><div class=\"vc_column-inner us_custom_655e5ef4\"><div class=\"wpb_wrapper\"><div class=\"w-image hide_on_default hide_on_laptops align_center\"><div class=\"w-image-h\"><img decoding=\"async\" width=\"315\" height=\"405\" src=\"https:\/\/www.blancapera.com\/wp-content\/uploads\/2024\/09\/blanca2.jpg\" class=\"attachment-full size-full\" alt=\"Blanca\" loading=\"lazy\" \/><\/div><\/div><\/div><\/div><\/div><div class=\"vc_col-sm-7 wpb_column vc_column_container\"><div class=\"vc_column-inner\"><div class=\"wpb_wrapper\">[vc_custom_heading text=\u00bbBlanca Pera\u00bb use_theme_fonts=\u00bbyes\u00bb css=\u00bb%7B%22default%22%3A%7B%22color%22%3A%22_content_text%22%2C%22font-size%22%3A%221.45rem%22%7D%7D\u00bb]<div class=\"wpb_text_column us_custom_ea2be81a\"><div class=\"wpb_wrapper\"><p>Blanca Pera, es dise\u00f1adora de interiores titulada, que proviene del mundo del cine y la televisi\u00f3n, durante todos los a\u00f1os que trabaj\u00f3 en la industria cinematogr\u00e1fica, tuvo la oportunidad de trabajar de la mano de los mejores directores de arte.<\/p>\n<p>Esta experiencia le proporcion\u00f3 un gran conocimiento de la cultura del dise\u00f1o, la clave para crear ambientes en los que la gente pueda vivir, y lo m\u00e1s importante, su pasi\u00f3n por el dise\u00f1o.<\/p>\n<p>Fund\u00f3 BLANCA PERA INTERIOR DESIGN STUDIO para crear un negocio basado en la creatividad y la colaboraci\u00f3n, trabajando en estrecha colaboraci\u00f3n con los clientes para crear soluciones de dise\u00f1o para espacios inspiradores.<\/p>\n<\/div><\/div><\/div><\/div><\/div><\/div><\/div><\/div><\/div><div class=\"vc_col-sm-6 wpb_column vc_column_container\"><div class=\"vc_column-inner\"><div class=\"wpb_wrapper\"><div class=\"g-cols wpb_row via_flex valign_middle type_default reversed stacking_default\"><div class=\"vc_col-sm-7 wpb_column vc_column_container\"><div class=\"vc_column-inner\"><div class=\"wpb_wrapper\">[vc_custom_heading text=\u00bbPaloma Cruz\u00bb use_theme_fonts=\u00bbyes\u00bb css=\u00bb%7B%22default%22%3A%7B%22color%22%3A%22_content_text%22%2C%22font-size%22%3A%221.45rem%22%7D%7D\u00bb]<div class=\"wpb_text_column us_custom_ea2be81a\"><div class=\"wpb_wrapper\"><p>Es una enamorada del dise\u00f1o de interiores, desde peque\u00f1a supo que su futuro estaba en esta profesi\u00f3n. Se gradu\u00f3 en Dise\u00f1o de Interiores en la Escuela de Artes Decorativas de Madrid.<\/p>\n<p>Desde entonces ha experimentado un crecimiento continuo y un aprendizaje constante.<\/p>\n<p>Su enfoque en cada proyecto va m\u00e1s all\u00e1 de la mera est\u00e9tica visual, busca crear ambientes y experiencias que cautiven a sus clientes. Trabaj\u00f3 sus primeros a\u00f1os en Madrid, traslad\u00e1ndose despu\u00e9s a M\u00e1laga, uni\u00e9ndose en 2015 al proyecto de Blanca Pera.<\/p>\n<\/div><\/div><\/div><\/div><\/div><div class=\"vc_col-sm-5 wpb_column vc_column_container has_bg_color\"><div class=\"vc_column-inner us_custom_e5971678\"><div class=\"wpb_wrapper\"><div class=\"w-image hide_on_default hide_on_laptops align_center\"><div class=\"w-image-h\"><img decoding=\"async\" width=\"315\" height=\"405\" src=\"https:\/\/www.blancapera.com\/wp-content\/uploads\/2024\/09\/paloma.jpg\" class=\"attachment-full size-full\" alt=\"Paloma\" loading=\"lazy\" \/><\/div><\/div><\/div><\/div><\/div><\/div><\/div><\/div><\/div><\/div><\/div><\/section>\n","protected":false},"excerpt":{"rendered":"[vc_custom_heading text=\"Estudio de dise\u00f1o de interiores\" font_container=\"tag:h1|text_align:left\" use_theme_fonts=\"yes\" css=\"%7B%22default%22%3A%7B%22font-size%22%3A%222rem%22%2C%22margin-bottom%22%3A%222rem%22%7D%2C%22laptops%22%3A%7B%22font-size%22%3A%221.8rem%22%7D%2C%22tablets%22%3A%7B%22font-size%22%3A%221.8rem%22%7D%2C%22mobiles%22%3A%7B%22font-size%22%3A%221.6rem%22%7D%7D\" el_class=\"deco deco-left\"]Fundado en 2015, y situado en Marbella, en BLANCA PERA INTERIOR DESIGN STUDIO, creamos dise\u00f1os para clientes exigentes, ayud\u00e1ndoles a ensalzar sus estilos de vida, y potenciar sus negocios. Creemos que la historia que nos precede y el dise\u00f1o contempor\u00e1neo pueden y deben coexistir, la...","protected":false},"author":1,"featured_media":0,"parent":0,"menu_order":0,"comment_status":"closed","ping_status":"closed","template":"","meta":{"footnotes":""},"class_list":["post-660","page","type-page","status-publish","hentry"],"yoast_head":"<!-- This site is optimized with the Yoast SEO plugin v27.5 - https:\/\/yoast.com\/product\/yoast-seo-wordpress\/ -->\n<title>El estudio | Blanca Pera - Interior Design Studio<\/title>\n<meta name=\"robots\" content=\"index, follow, max-snippet:-1, max-image-preview:large, max-video-preview:-1\" \/>\n<link rel=\"canonical\" href=\"https:\/\/www.blancapera.com\/es\/el-estudio\/\" \/>\n<meta property=\"og:locale\" content=\"es_ES\" \/>\n<meta property=\"og:type\" content=\"article\" \/>\n<meta property=\"og:title\" content=\"El estudio | Blanca Pera - Interior Design Studio\" \/>\n<meta property=\"og:url\" content=\"https:\/\/www.blancapera.com\/es\/el-estudio\/\" \/>\n<meta property=\"og:site_name\" content=\"Blanca Pera - Interior Design Studio\" \/>\n<meta property=\"article:publisher\" content=\"https:\/\/www.facebook.com\/blancaperainteriordesign\" \/>\n<meta property=\"article:modified_time\" content=\"2024-09-05T09:20:25+00:00\" \/>\n<meta name=\"twitter:card\" content=\"summary_large_image\" \/>\n<meta name=\"twitter:label1\" content=\"Tiempo de lectura\" \/>\n\t<meta name=\"twitter:data1\" content=\"6 minutos\" \/>\n<script type=\"application\/ld+json\" class=\"yoast-schema-graph\">{\"@context\":\"https:\\\/\\\/schema.org\",\"@graph\":[{\"@type\":\"WebPage\",\"@id\":\"https:\\\/\\\/www.blancapera.com\\\/es\\\/el-estudio\\\/\",\"url\":\"https:\\\/\\\/www.blancapera.com\\\/es\\\/el-estudio\\\/\",\"name\":\"El estudio | Blanca Pera - Interior Design Studio\",\"isPartOf\":{\"@id\":\"https:\\\/\\\/www.blancapera.com\\\/es\\\/#website\"},\"datePublished\":\"2024-07-25T09:12:40+00:00\",\"dateModified\":\"2024-09-05T09:20:25+00:00\",\"breadcrumb\":{\"@id\":\"https:\\\/\\\/www.blancapera.com\\\/es\\\/el-estudio\\\/#breadcrumb\"},\"inLanguage\":\"es\",\"potentialAction\":[{\"@type\":\"ReadAction\",\"target\":[\"https:\\\/\\\/www.blancapera.com\\\/es\\\/el-estudio\\\/\"]}]},{\"@type\":\"BreadcrumbList\",\"@id\":\"https:\\\/\\\/www.blancapera.com\\\/es\\\/el-estudio\\\/#breadcrumb\",\"itemListElement\":[{\"@type\":\"ListItem\",\"position\":1,\"name\":\"Portada\",\"item\":\"https:\\\/\\\/www.blancapera.com\\\/es\\\/\"},{\"@type\":\"ListItem\",\"position\":2,\"name\":\"El estudio\"}]},{\"@type\":\"WebSite\",\"@id\":\"https:\\\/\\\/www.blancapera.com\\\/es\\\/#website\",\"url\":\"https:\\\/\\\/www.blancapera.com\\\/es\\\/\",\"name\":\"Blanca Pera - Interior Design Studio\",\"description\":\"\",\"publisher\":{\"@id\":\"https:\\\/\\\/www.blancapera.com\\\/es\\\/#organization\"},\"potentialAction\":[{\"@type\":\"SearchAction\",\"target\":{\"@type\":\"EntryPoint\",\"urlTemplate\":\"https:\\\/\\\/www.blancapera.com\\\/es\\\/?s={search_term_string}\"},\"query-input\":{\"@type\":\"PropertyValueSpecification\",\"valueRequired\":true,\"valueName\":\"search_term_string\"}}],\"inLanguage\":\"es\"},{\"@type\":\"Organization\",\"@id\":\"https:\\\/\\\/www.blancapera.com\\\/es\\\/#organization\",\"name\":\"Blanca Pera - Interior Design Studio\",\"url\":\"https:\\\/\\\/www.blancapera.com\\\/es\\\/\",\"logo\":{\"@type\":\"ImageObject\",\"inLanguage\":\"es\",\"@id\":\"https:\\\/\\\/www.blancapera.com\\\/es\\\/#\\\/schema\\\/logo\\\/image\\\/\",\"url\":\"https:\\\/\\\/www.blancapera.com\\\/wp-content\\\/uploads\\\/2024\\\/07\\\/logo-blanca-pera-studio.png\",\"contentUrl\":\"https:\\\/\\\/www.blancapera.com\\\/wp-content\\\/uploads\\\/2024\\\/07\\\/logo-blanca-pera-studio.png\",\"width\":260,\"height\":66,\"caption\":\"Blanca Pera - Interior Design Studio\"},\"image\":{\"@id\":\"https:\\\/\\\/www.blancapera.com\\\/es\\\/#\\\/schema\\\/logo\\\/image\\\/\"},\"sameAs\":[\"https:\\\/\\\/www.facebook.com\\\/blancaperainteriordesign\",\"https:\\\/\\\/www.instagram.com\\\/blancapera\\\/\"]}]}<\/script>\n<!-- \/ Yoast SEO plugin. -->","yoast_head_json":{"title":"El estudio | Blanca Pera - Interior Design Studio","robots":{"index":"index","follow":"follow","max-snippet":"max-snippet:-1","max-image-preview":"max-image-preview:large","max-video-preview":"max-video-preview:-1"},"canonical":"https:\/\/www.blancapera.com\/es\/el-estudio\/","og_locale":"es_ES","og_type":"article","og_title":"El estudio | Blanca Pera - Interior Design Studio","og_url":"https:\/\/www.blancapera.com\/es\/el-estudio\/","og_site_name":"Blanca Pera - Interior Design Studio","article_publisher":"https:\/\/www.facebook.com\/blancaperainteriordesign","article_modified_time":"2024-09-05T09:20:25+00:00","twitter_card":"summary_large_image","twitter_misc":{"Tiempo de lectura":"6 minutos"},"schema":{"@context":"https:\/\/schema.org","@graph":[{"@type":"WebPage","@id":"https:\/\/www.blancapera.com\/es\/el-estudio\/","url":"https:\/\/www.blancapera.com\/es\/el-estudio\/","name":"El estudio | Blanca Pera - Interior Design Studio","isPartOf":{"@id":"https:\/\/www.blancapera.com\/es\/#website"},"datePublished":"2024-07-25T09:12:40+00:00","dateModified":"2024-09-05T09:20:25+00:00","breadcrumb":{"@id":"https:\/\/www.blancapera.com\/es\/el-estudio\/#breadcrumb"},"inLanguage":"es","potentialAction":[{"@type":"ReadAction","target":["https:\/\/www.blancapera.com\/es\/el-estudio\/"]}]},{"@type":"BreadcrumbList","@id":"https:\/\/www.blancapera.com\/es\/el-estudio\/#breadcrumb","itemListElement":[{"@type":"ListItem","position":1,"name":"Portada","item":"https:\/\/www.blancapera.com\/es\/"},{"@type":"ListItem","position":2,"name":"El estudio"}]},{"@type":"WebSite","@id":"https:\/\/www.blancapera.com\/es\/#website","url":"https:\/\/www.blancapera.com\/es\/","name":"Blanca Pera - Interior Design Studio","description":"","publisher":{"@id":"https:\/\/www.blancapera.com\/es\/#organization"},"potentialAction":[{"@type":"SearchAction","target":{"@type":"EntryPoint","urlTemplate":"https:\/\/www.blancapera.com\/es\/?s={search_term_string}"},"query-input":{"@type":"PropertyValueSpecification","valueRequired":true,"valueName":"search_term_string"}}],"inLanguage":"es"},{"@type":"Organization","@id":"https:\/\/www.blancapera.com\/es\/#organization","name":"Blanca Pera - Interior Design Studio","url":"https:\/\/www.blancapera.com\/es\/","logo":{"@type":"ImageObject","inLanguage":"es","@id":"https:\/\/www.blancapera.com\/es\/#\/schema\/logo\/image\/","url":"https:\/\/www.blancapera.com\/wp-content\/uploads\/2024\/07\/logo-blanca-pera-studio.png","contentUrl":"https:\/\/www.blancapera.com\/wp-content\/uploads\/2024\/07\/logo-blanca-pera-studio.png","width":260,"height":66,"caption":"Blanca Pera - Interior Design Studio"},"image":{"@id":"https:\/\/www.blancapera.com\/es\/#\/schema\/logo\/image\/"},"sameAs":["https:\/\/www.facebook.com\/blancaperainteriordesign","https:\/\/www.instagram.com\/blancapera\/"]}]}},"_links":{"self":[{"href":"https:\/\/www.blancapera.com\/es\/wp-json\/wp\/v2\/pages\/660","targetHints":{"allow":["GET"]}}],"collection":[{"href":"https:\/\/www.blancapera.com\/es\/wp-json\/wp\/v2\/pages"}],"about":[{"href":"https:\/\/www.blancapera.com\/es\/wp-json\/wp\/v2\/types\/page"}],"author":[{"embeddable":true,"href":"https:\/\/www.blancapera.com\/es\/wp-json\/wp\/v2\/users\/1"}],"replies":[{"embeddable":true,"href":"https:\/\/www.blancapera.com\/es\/wp-json\/wp\/v2\/comments?post=660"}],"version-history":[{"count":3,"href":"https:\/\/www.blancapera.com\/es\/wp-json\/wp\/v2\/pages\/660\/revisions"}],"predecessor-version":[{"id":667,"href":"https:\/\/www.blancapera.com\/es\/wp-json\/wp\/v2\/pages\/660\/revisions\/667"}],"wp:attachment":[{"href":"https:\/\/www.blancapera.com\/es\/wp-json\/wp\/v2\/media?parent=660"}],"curies":[{"name":"wp","href":"https:\/\/api.w.org\/{rel}","templated":true}]}}